{"id":4866,"date":"2020-11-26T10:48:46","date_gmt":"2020-11-26T09:48:46","guid":{"rendered":"http:\/\/merianin.de\/?page_id=4866"},"modified":"2021-01-28T08:17:55","modified_gmt":"2021-01-28T07:17:55","slug":"glueckliche-umstaende","status":"publish","type":"page","link":"https:\/\/merianin.de\/en\/home\/glueckliche-umstaende\/","title":{"rendered":"FORTUNATE CIRCUMSTANCES"},"content":{"rendered":"<div class=\"mkdf-row-grid-section-wrapper\"  ><div class=\"mkdf-row-grid-section\"><div class=\"vc_row wpb_row vc_row-fluid vc_custom_1607001970334\" ><div class=\"wpb_column vc_column_container vc_col-sm-12\"><div class=\"vc_column-inner\"><div class=\"wpb_wrapper\"><div class=\"mkdf-section-title-holder\" style=\"text-align: center\">\n\t<div class=\"mkdf-st-inner\">\n                <span class=\"mkdf-st-tagline-text\" >\n            Historic Traces Leading back to Merian\u2019s and Graff\u2019s Garden in Nuremberg\u2019s Imperial Castle        <\/span>\n    \t\t\t\t\t<h2 class=\"mkdf-st-title\" >\n\t\t\t\tAN EVENTFUL HISTORY WITH TWELVE DIFFERENT COURSE SETTINGS\t\t\t<\/h2>\n\t\t\t\t\t<\/div>\n<\/div><div class=\"vc_empty_space\"   style=\"height: 40px\" ><span class=\"vc_empty_space_inner\"><\/span><\/div>\n<div class=\"vc_row wpb_row vc_inner vc_row-fluid\" ><div class=\"wpb_column vc_column_container vc_col-sm-8\"><div class=\"vc_column-inner\"><div class=\"wpb_wrapper\"><div class=\"mkdf-section-title-holder\" style=\"text-align: center\">\n\t<div class=\"mkdf-st-inner\">\n                <span class=\"mkdf-st-tagline-text\" >\n            1.        <\/span>\n    \t\t\t\t\t\t\t<h5 class=\"mkdf-st-text\" >\n\t\t\t\tMove of the Young Graff-Merian Family from Frankfurt to Nuremberg\t\t\t<\/h5>\n\t\t\t<\/div>\n<\/div>\n\t<div class=\"wpb_text_column wpb_content_element\" >\n\t\t<div class=\"wpb_wrapper\">\n\t\t\t<p>Johann Andreas Graff, a talented architectural painter and copper-plate etcher, works in the Frankfurt workshop of his teacher Jacob Marrell, who is married to the widow of Matth\u00e4us Merian the Elder. Maria Sibylla Merian, daughter from her first marriage to Matth\u00e4us Merian, lives in their household. In 1665 the 29-year-old Graff and Marrell\u2019s 18-year-old stepdaughter marry. In 1668 Graff returns to his home town of Nuremberg with his young wife, who for 20 years will bear the name \"Maria Sibylla Gr\u00e4ffin\", and his daughter Dorothea Maria, born in the same year. The couple probably hoped for a better livelihood there after the great economic decline of the Thirty Years\u2019 War (1618-1648).<\/p>\n\n\t\t<\/div>\n\t<\/div>\n<div class=\"vc_empty_space\"   style=\"height: 40px\" ><span class=\"vc_empty_space_inner\"><\/span><\/div>\n<div class=\"mkdf-section-title-holder\" style=\"text-align: center\">\n\t<div class=\"mkdf-st-inner\">\n                <span class=\"mkdf-st-tagline-text\" >\n            2.        <\/span>\n    \t\t\t\t\t\t\t<h5 class=\"mkdf-st-text\" >\n\t\t\t\tMaria Sibylla Starting her Career in Nuremberg\t\t\t<\/h5>\n\t\t\t<\/div>\n<\/div>\n\t<div class=\"wpb_text_column wpb_content_element\" >\n\t\t<div class=\"wpb_wrapper\">\n\t\t\t<p>The young wife does indeed manage to contribute to the family's livelihood, not only by running the household but also through many other, different activities such as painting, drawing, copperplate etching, embroidery and producing colours for painting. She was even able to teach young girls drawing, painting and embroidery - unusual for a woman in her time. She quickly becomes a respected artist. While still in Nuremberg, she is honoured by Joachim von Sandrart in his \"Teutsche Academie\", a comprehensive, widely read encyclopaedia of artists.<\/p>\n\n\t\t<\/div>\n\t<\/div>\n<div class=\"vc_empty_space\"   style=\"height: 40px\" ><span class=\"vc_empty_space_inner\"><\/span><\/div>\n<div class=\"mkdf-section-title-holder\" style=\"text-align: center\">\n\t<div class=\"mkdf-st-inner\">\n                <span class=\"mkdf-st-tagline-text\" >\n            3.        <\/span>\n    \t\t\t\t\t\t\t<h5 class=\"mkdf-st-text\" >\n\t\t\t\tA Private Garden for the Family\t\t\t<\/h5>\n\t\t\t<\/div>\n<\/div>\n\t<div class=\"wpb_text_column wpb_content_element\" >\n\t\t<div class=\"wpb_wrapper\">\n\t\t\t<p>One of Maria Sybilla\u2019s favourite students from a Nuremberg patrician family then plays an important role for her future life: She has a great uncle who, thanks to his office as the \"Vorderster Losunger\" (Mayor) and Vestenpfleger (curator of the castle), can provide a garden for the Graffs. In this garden Maria Sibylla makes a special discovery: \"Hochrothe K\u00e4ferlein\" (Little Bright Red Beetles) arouse her especial interest, although these beetles are inconspicuous on first sight and feared as pests by garden lovers. Thanks to her connections to influential Nuremberg families, Maria Sibylla also gains access to many other gardens to collect enough material for her observations of nature.<\/p>\n\n\t\t<\/div>\n\t<\/div>\n<div class=\"vc_empty_space\"   style=\"height: 40px\" ><span class=\"vc_empty_space_inner\"><\/span><\/div>\n<div class=\"mkdf-section-title-holder\" style=\"text-align: center\">\n\t<div class=\"mkdf-st-inner\">\n                <span class=\"mkdf-st-tagline-text\" >\n            4.        <\/span>\n    \t\t\t\t\t\t\t<h5 class=\"mkdf-st-text\" >\n\t\t\t\tMention of the Garden in the Second Caterpillar Book\t\t\t<\/h5>\n\t\t\t<\/div>\n<\/div>\n\t<div class=\"wpb_text_column wpb_content_element\" >\n\t\t<div class=\"wpb_wrapper\">\n\t\t\t<p>Indeed, despite the burden of many \"part-time jobs\" in the family house \"Zur goldenen Sonne\" (At the Golden Sun), today Bergstr. 10, she manages to work on her Flower Books and the two Caterpillar Books, enjoying the financial and active support of her husband Graff as etcher and publisher. In the Second Caterpillar Book the metamorphosis of a caterpillar (egg, caterpillar, pupa, beetle), together with the \"golden yellow lily\" as host plant, is illustrated and described (No. XXI). Even the place where it was found is indicated \u2013 \"in my garden\" \u2013 although without an exact location.<\/p>\n<p>This period in Nuremberg comes to an abrupt end after the death of the second husband of Maria Sibylla's mother, her own foster father Jacob Marrell. The Graff-Merian couple obviously feels obliged to assist the widowed mother in Frankfurt, who has not been properly provided for. Between 1683 and 1685 Graff commuted between Frankfurt and Nuremberg, where he could earn money by working for private clients. The further history of this marriage and the separation of this couple is a different story and probably has several different reasons which can no longer be clearly established today.<\/p>\n\n\t\t<\/div>\n\t<\/div>\n<div class=\"vc_empty_space\"   style=\"height: 40px\" ><span class=\"vc_empty_space_inner\"><\/span><\/div>\n<div class=\"mkdf-section-title-holder\" style=\"text-align: center\">\n\t<div class=\"mkdf-st-inner\">\n                <span class=\"mkdf-st-tagline-text\" >\n            5.        <\/span>\n    \t\t\t\t\t\t\t<h5 class=\"mkdf-st-text\" >\n\t\t\t\tLocalisation of the Garden in the Study Book\t\t\t<\/h5>\n\t\t\t<\/div>\n<\/div>\n\t<div class=\"wpb_text_column wpb_content_element\" >\n\t\t<div class=\"wpb_wrapper\">\n\t\t\t<p>Maria Sibylla does not stay in Frankfurt, but moves together with her mother to her half-brother Caspar Merian in a pious community guided by the tenets of early Christianity, the Labadists in Dutch West Frisia. There, in the secluded castle of Waltha, Maria Sibylla finds time to rearrange and label her pattern drawings.<br \/>\nIt is only in this, her own hand-drawn and hand-written study book that she describes the location of the Nuremberg Garden:<\/p>\n<p class=\"translation-block\"><em>\"In early July, when I went up to my garden (next to the castle church or imperial chapel in Nuremberg) to look at the flowers and search for the caterpillars, I found ....\".<\/em><\/p>\n<p>With this double mention \"next to the castle church \/ imperial chapel\" the secret is solved: it can only be the small garden which is directly adjacent to the tower of the imperial chapel (today called the \"Heidenturm\").<\/p>\n\n\t\t<\/div>\n\t<\/div>\n<div class=\"vc_empty_space\"   style=\"height: 40px\" ><span class=\"vc_empty_space_inner\"><\/span><\/div>\n<div class=\"mkdf-section-title-holder\" style=\"text-align: center\">\n\t<div class=\"mkdf-st-inner\">\n                <span class=\"mkdf-st-tagline-text\" >\n            6.        <\/span>\n    \t\t\t\t\t\t\t<h5 class=\"mkdf-st-text\" >\n\t\t\t\tSignificance of the Study Book\t\t\t<\/h5>\n\t\t\t<\/div>\n<\/div>\n\t<div class=\"wpb_text_column wpb_content_element\" >\n\t\t<div class=\"wpb_wrapper\">\n\t\t\t<p>She carried on making entries in this study book after her Surinam expedition and apparently kept it until her death in Amsterdam (1717) as an indispensable collection of motifs for her high-quality paintings on silk and parchment. Thanks to the personal details of where, when and with whom she made her finds and how the caterpillars were raised, the study book is also the most important source of autobiographical information about her life, about which she otherwise maintains an almost complete silence.<\/p>\n\n\t\t<\/div>\n\t<\/div>\n<div class=\"vc_empty_space\"   style=\"height: 40px\" ><span class=\"vc_empty_space_inner\"><\/span><\/div>\n<div class=\"mkdf-section-title-holder\" style=\"text-align: center\">\n\t<div class=\"mkdf-st-inner\">\n                <span class=\"mkdf-st-tagline-text\" >\n            7.        <\/span>\n    \t\t\t\t\t\t\t<h5 class=\"mkdf-st-text\" >\n\t\t\t\tSale of the Study Book to St. Petersburg\t\t\t<\/h5>\n\t\t\t<\/div>\n<\/div>\n\t<div class=\"wpb_text_column wpb_content_element\" >\n\t\t<div class=\"wpb_wrapper\">\n\t\t\t<p>1716\/1717 Czar Peter the Great visited Amsterdam a second time and commissioned his personal physician, a highly educated Scotsman, to buy works of art for his collections in his new residence in St Petersburg. This doctor, Robert Areskin (Erskin), bought the study book for his own collection from Maria Sibylla\u2019s estate and bequeathed it to the Czar. Shortly after the death of her mother, the second daughter, Dorothea Maria (born in Nuremberg in 1678), who had already accompanied her mother on the expedition to Surinam, moves to St. Petersburg with her husband Georg Gsell. There, known as \"Gsellscha\", she contributes a great deal to the development of science and art, e.g., by developing the first public museum, with, amongst other items, 254 watercolours by her mother and the Study Book, which is kept there.<\/p>\n\n\t\t<\/div>\n\t<\/div>\n<div class=\"vc_empty_space\"   style=\"height: 40px\" ><span class=\"vc_empty_space_inner\"><\/span><\/div>\n<div class=\"mkdf-section-title-holder\" style=\"text-align: center\">\n\t<div class=\"mkdf-st-inner\">\n                <span class=\"mkdf-st-tagline-text\" >\n            8.        <\/span>\n    \t\t\t\t\t\t\t<h5 class=\"mkdf-st-text\" >\n\t\t\t\tRediscovery of the Lost Study Book\t\t\t<\/h5>\n\t\t\t<\/div>\n<\/div>\n\t<div class=\"wpb_text_column wpb_content_element\" >\n\t\t<div class=\"wpb_wrapper\">\n\t\t\t<p>After having been forgotten for a long time, the book with the inconspicuous exterior was rediscovered in 1939 in the \"Manu Picta\" section of the Manuscript Department of the Library of the Academy of Sciences. Despite the years of siege and bombardment of Leningrad by the German Army during World War II, the museum experts responsible for it were able to preserve the Study Book.<\/p>\n\n\t\t<\/div>\n\t<\/div>\n<div class=\"vc_empty_space\"   style=\"height: 40px\" ><span class=\"vc_empty_space_inner\"><\/span><\/div>\n<div class=\"mkdf-section-title-holder\" style=\"text-align: center\">\n\t<div class=\"mkdf-st-inner\">\n                <span class=\"mkdf-st-tagline-text\" >\n            9.        <\/span>\n    \t\t\t\t\t\t\t<h5 class=\"mkdf-st-text\" >\n\t\t\t\tPublication of the Study Book 1976\t\t\t<\/h5>\n\t\t\t<\/div>\n<\/div>\n\t<div class=\"wpb_text_column wpb_content_element\" >\n\t\t<div class=\"wpb_wrapper\">\n\t\t\t<p>On the initiative of the young director of the Leipzig Museum of Natural History, Dr. Wolf-Dietrich Beer, an unusual collaboration was successful during the GDR era: the 'Edition Leipzig Verlag', together with the 'Reich Verlag Luzern' was given permission to produce an exemplary facsimile of the original from Leningrad. For this reason alone we are today able to read Maria Sibylla's handwritten note in one of the 1825 copies in existence worldwide and with it the proof of the location of her garden in Nuremberg.<\/p>\n<p><strong>The fact that the Graff-Merian family had a family garden in Nuremberg and the historical evidence for it are based on a remarkable chain of fortunate circumstances. Time and again this connection could have been lost and hung on a \"silk (caterpillar) thread\".<\/strong><strong>\u00a0<\/strong><\/p>\n\n\t\t<\/div>\n\t<\/div>\n<div class=\"vc_empty_space\"   style=\"height: 40px\" ><span class=\"vc_empty_space_inner\"><\/span><\/div>\n<div class=\"mkdf-section-title-holder\" style=\"text-align: center\">\n\t<div class=\"mkdf-st-inner\">\n                <span class=\"mkdf-st-tagline-text\" >\n            10.        <\/span>\n    \t\t\t\t\t\t\t<h5 class=\"mkdf-st-text\" >\n\t\t\t\tThe Closed Caretaker's Garden \u2013 a Forgotten Historical Heritage\t\t\t<\/h5>\n\t\t\t<\/div>\n<\/div>\n\t<div class=\"wpb_text_column wpb_content_element\" >\n\t\t<div class=\"wpb_wrapper\">\n\t\t\t<p>Drawings and etchings prove that the small garden next to the Imperial Chapel existed long before the time of Graff's and Merian\u2019s family garden. Later it was called the \"Burgverwaltergarten\" (Castle Administrator's Garden) and was privately used by whoever was chief castle official at any given time. Several photos in the City Archive show this idyllic, but not publicly accessible garden. During World War II the garden and the garden wall on the city side were devastated by a bomb crater. The two-storey garden house, which is also historic (it can already be guessed at in a D\u00fcrer engraving from 1514), miraculously survived the air raids with only slight damage, which was soon repaired. In the process the open loggia on the ground floor, decorated with a wooden balustrade (\"dock balusters\"), was replaced by a half-timbered front with two windows.<\/p>\n\n\t\t<\/div>\n\t<\/div>\n<div class=\"vc_empty_space\"   style=\"height: 40px\" ><span class=\"vc_empty_space_inner\"><\/span><\/div>\n<div class=\"mkdf-section-title-holder\" style=\"text-align: center\">\n\t<div class=\"mkdf-st-inner\">\n                <span class=\"mkdf-st-tagline-text\" >\n            11.        <\/span>\n    \t\t\t\t\t\t\t<h5 class=\"mkdf-st-text\" >\n\t\t\t\tPlanned Reopening as a \"Wedding Garden\u201c\t\t\t<\/h5>\n\t\t\t<\/div>\n<\/div>\n\t<div class=\"wpb_text_column wpb_content_element\" >\n\t\t<div class=\"wpb_wrapper\">\n\t\t\t<p>In 2012\/13 the Bavarian state government provides the necessary funds for a major investment programme for the general upgrading of the Kaiserburg. One new offer is the chance to be married at the castle: after a civil wedding ceremony in a stylish \"wedding room\", the garden described above can be used as a \"wedding garden\", particularly attractive for family photos in front of the picturesque city panorama and for private receptions.<\/p>\n\n\t\t<\/div>\n\t<\/div>\n<div class=\"vc_empty_space\"   style=\"height: 40px\" ><span class=\"vc_empty_space_inner\"><\/span><\/div>\n<div class=\"mkdf-section-title-holder\" style=\"text-align: center\">\n\t<div class=\"mkdf-st-inner\">\n                <span class=\"mkdf-st-tagline-text\" >\n            12.        <\/span>\n    \t\t\t\t\t\t\t<h5 class=\"mkdf-st-text\" >\n\t\t\t\tThe Garden\u2019s New Design as a Place of Remembrance to Maria Sibylla Merian\t\t\t<\/h5>\n\t\t\t<\/div>\n<\/div>\n\t<div class=\"wpb_text_column wpb_content_element\" >\n\t\t<div class=\"wpb_wrapper\">\n\t\t\t<p>On the basis of information provided by a city guide, the Bavarian Treasury Secretary responsible for the project changes the planned name and explains the concept behind the design of the future \"Merian Garden\" in a press conference at the end of July 2012.<br \/>\nA few weeks later, at the request of the Nuremberg population, he agrees to expand the name to include her two given names in the title \"Maria Sibylla Merian-Garten\". Since the big festival at the castle in mid-July 2013, the little garden can be visited on Sundays and Mondays from 2 to 6 pm from April to September inclusive (2-4 p.m. in October, closed in wintertime, status as of 2020). A peephole in the entrance door allows visitors a view into this oasis all year round during general castle opening hours.<\/p>\n<p>It is the most beautiful, authentic place in the world for a public Maria Sibylla Merian Garden, designed with \"her\" plants - even with some tropical plants in a sunny, sheltered area of the small, 170 square-metre garden. A historical reconstruction was impossible because there are no documents concerning the garden which date from her time. Thus the modern design, with a water basin and several benches, resembles a small land-art monument and its diagonal orientation expands the horizon. The view is directed beyond the city into the wide open spaces, just as Maria Sibylla and her daughters set off from Nuremberg to the world of Amsterdam, Paramaribo and St. Petersburg.<\/p>\n\n\t\t<\/div>\n\t<\/div>\n<\/div><\/div><\/div><div class=\"wpb_column vc_column_container vc_col-sm-4\"><div class=\"vc_column-inner\"><div class=\"wpb_wrapper\">\n\t<div  class=\"wpb_single_image wpb_content_element vc_align_left\">\n\t\t\n\t\t<figure class=\"wpb_wrapper vc_figure\">\n\t\t\t<a data-rel=\"prettyPhoto[rel-4866-1048576455]\" href=\"https:\/\/merianin.de\/wp-content\/uploads\/2020\/12\/zaun.jpg\" target=\"_self\" class=\"vc_single_image-wrapper vc_box_border  vc_box_border_grey prettyphoto\"><img loading=\"lazy\" decoding=\"async\" width=\"814\" height=\"1024\" src=\"https:\/\/merianin.de\/wp-content\/uploads\/2020\/12\/zaun.jpg\" class=\"vc_single_image-img attachment-full\" alt=\"\" srcset=\"https:\/\/merianin.de\/wp-content\/uploads\/2020\/12\/zaun.jpg 814w, https:\/\/merianin.de\/wp-content\/uploads\/2020\/12\/zaun-238x300.jpg 238w, https:\/\/merianin.de\/wp-content\/uploads\/2020\/12\/zaun-768x966.jpg 768w\" sizes=\"auto, (max-width: 814px) 100vw, 814px\" \/><\/a>\n\t\t<\/figure>\n\t<\/div>\n\n\t<div class=\"wpb_text_column wpb_content_element\" >\n\t\t<div class=\"wpb_wrapper\">\n\t\t\t<p><em>1608: View into the castle courtyard and the fence of the garden next to the foot of the Imperial Chapel tower<\/em><\/p>\n\n\t\t<\/div>\n\t<\/div>\n<div class=\"vc_empty_space\"   style=\"height: 20px\" ><span class=\"vc_empty_space_inner\"><\/span><\/div>\n\n\t<div  class=\"wpb_single_image wpb_content_element vc_align_left\">\n\t\t\n\t\t<figure class=\"wpb_wrapper vc_figure\">\n\t\t\t<a data-rel=\"prettyPhoto[rel-4866-83655146]\" href=\"https:\/\/merianin.de\/wp-content\/uploads\/2020\/12\/2-Blick-auf-das-G\u00e4rtlein-vor-dem-Kapellenturm-im-19-Jh-769x1024.jpg\" target=\"_self\" class=\"vc_single_image-wrapper vc_box_border  vc_box_border_grey prettyphoto\"><img loading=\"lazy\" decoding=\"async\" width=\"1031\" height=\"1372\" src=\"https:\/\/merianin.de\/wp-content\/uploads\/2020\/12\/2-Blick-auf-das-G\u00e4rtlein-vor-dem-Kapellenturm-im-19-Jh.jpg\" class=\"vc_single_image-img attachment-full\" alt=\"\" srcset=\"https:\/\/merianin.de\/wp-content\/uploads\/2020\/12\/2-Blick-auf-das-G\u00e4rtlein-vor-dem-Kapellenturm-im-19-Jh.jpg 1031w, https:\/\/merianin.de\/wp-content\/uploads\/2020\/12\/2-Blick-auf-das-G\u00e4rtlein-vor-dem-Kapellenturm-im-19-Jh-225x300.jpg 225w, https:\/\/merianin.de\/wp-content\/uploads\/2020\/12\/2-Blick-auf-das-G\u00e4rtlein-vor-dem-Kapellenturm-im-19-Jh-769x1024.jpg 769w, https:\/\/merianin.de\/wp-content\/uploads\/2020\/12\/2-Blick-auf-das-G\u00e4rtlein-vor-dem-Kapellenturm-im-19-Jh-768x1022.jpg 768w\" sizes=\"auto, (max-width: 1031px) 100vw, 1031px\" \/><\/a>\n\t\t<\/figure>\n\t<\/div>\n\n\t<div class=\"wpb_text_column wpb_content_element\" >\n\t\t<div class=\"wpb_wrapper\">\n\t\t\t<p><em> 19th century: The little garden behind the garden wall on the left edge of the picture<\/em><\/p>\n\n\t\t<\/div>\n\t<\/div>\n<div class=\"vc_empty_space\"   style=\"height: 20px\" ><span class=\"vc_empty_space_inner\"><\/span><\/div>\n\n\t<div  class=\"wpb_single_image wpb_content_element vc_align_left\">\n\t\t\n\t\t<figure class=\"wpb_wrapper vc_figure\">\n\t\t\t<a data-rel=\"prettyPhoto[rel-4866-1445725472]\" href=\"https:\/\/merianin.de\/wp-content\/uploads\/2020\/12\/3-Kleines-Gartenaus-am-Fu\u00df-der-zert\u00f6rten-Kaiserburg-1945-774x1024.jpg\" target=\"_self\" class=\"vc_single_image-wrapper vc_box_border  vc_box_border_grey prettyphoto\"><img loading=\"lazy\" decoding=\"async\" width=\"1225\" height=\"1620\" src=\"https:\/\/merianin.de\/wp-content\/uploads\/2020\/12\/3-Kleines-Gartenaus-am-Fu\u00df-der-zert\u00f6rten-Kaiserburg-1945.jpg\" class=\"vc_single_image-img attachment-full\" alt=\"\" srcset=\"https:\/\/merianin.de\/wp-content\/uploads\/2020\/12\/3-Kleines-Gartenaus-am-Fu\u00df-der-zert\u00f6rten-Kaiserburg-1945.jpg 1225w, https:\/\/merianin.de\/wp-content\/uploads\/2020\/12\/3-Kleines-Gartenaus-am-Fu\u00df-der-zert\u00f6rten-Kaiserburg-1945-227x300.jpg 227w, https:\/\/merianin.de\/wp-content\/uploads\/2020\/12\/3-Kleines-Gartenaus-am-Fu\u00df-der-zert\u00f6rten-Kaiserburg-1945-774x1024.jpg 774w, https:\/\/merianin.de\/wp-content\/uploads\/2020\/12\/3-Kleines-Gartenaus-am-Fu\u00df-der-zert\u00f6rten-Kaiserburg-1945-768x1016.jpg 768w, https:\/\/merianin.de\/wp-content\/uploads\/2020\/12\/3-Kleines-Gartenaus-am-Fu\u00df-der-zert\u00f6rten-Kaiserburg-1945-1161x1536.jpg 1161w\" sizes=\"auto, (max-width: 1225px) 100vw, 1225px\" \/><\/a>\n\t\t<\/figure>\n\t<\/div>\n\n\t<div class=\"wpb_text_column wpb_content_element\" >\n\t\t<div class=\"wpb_wrapper\">\n\t\t\t<p><em>1945: The undestroyed garden house on the right edge of the picture (yellow arrow) in front of the silhouette of the castle ruins<\/em><\/p>\n\n\t\t<\/div>\n\t<\/div>\n<div class=\"vc_empty_space\"   style=\"height: 20px\" ><span class=\"vc_empty_space_inner\"><\/span><\/div>\n\n\t<div  class=\"wpb_single_image wpb_content_element vc_align_left\">\n\t\t\n\t\t<figure class=\"wpb_wrapper vc_figure\">\n\t\t\t<a data-rel=\"prettyPhoto[rel-4866-1186291260]\" href=\"https:\/\/merianin.de\/wp-content\/uploads\/2020\/12\/4-GartenhausKapellenturmVer\u00e4nderung-um-1950-738x1024.jpg\" target=\"_self\" class=\"vc_single_image-wrapper vc_box_border  vc_box_border_grey prettyphoto\"><img loading=\"lazy\" decoding=\"async\" width=\"1520\" height=\"2108\" src=\"https:\/\/merianin.de\/wp-content\/uploads\/2020\/12\/4-GartenhausKapellenturmVer\u00e4nderung-um-1950.jpg\" class=\"vc_single_image-img attachment-full\" alt=\"\" srcset=\"https:\/\/merianin.de\/wp-content\/uploads\/2020\/12\/4-GartenhausKapellenturmVer\u00e4nderung-um-1950.jpg 1520w, https:\/\/merianin.de\/wp-content\/uploads\/2020\/12\/4-GartenhausKapellenturmVer\u00e4nderung-um-1950-216x300.jpg 216w, https:\/\/merianin.de\/wp-content\/uploads\/2020\/12\/4-GartenhausKapellenturmVer\u00e4nderung-um-1950-738x1024.jpg 738w, https:\/\/merianin.de\/wp-content\/uploads\/2020\/12\/4-GartenhausKapellenturmVer\u00e4nderung-um-1950-768x1065.jpg 768w, https:\/\/merianin.de\/wp-content\/uploads\/2020\/12\/4-GartenhausKapellenturmVer\u00e4nderung-um-1950-1108x1536.jpg 1108w, https:\/\/merianin.de\/wp-content\/uploads\/2020\/12\/4-GartenhausKapellenturmVer\u00e4nderung-um-1950-1477x2048.jpg 1477w\" sizes=\"auto, (max-width: 1520px) 100vw, 1520px\" \/><\/a>\n\t\t<\/figure>\n\t<\/div>\n\n\t<div class=\"wpb_text_column wpb_content_element\" >\n\t\t<div class=\"wpb_wrapper\">\n\t\t\t<p><em>Post-war period: garden house being converted into a \"Tiny House\" on the left at the foot of the chapel tower<\/em><\/p>\n\n\t\t<\/div>\n\t<\/div>\n<div class=\"vc_empty_space\"   style=\"height: 20px\" ><span class=\"vc_empty_space_inner\"><\/span><\/div>\n\n\t<div  class=\"wpb_single_image wpb_content_element vc_align_left\">\n\t\t\n\t\t<figure class=\"wpb_wrapper vc_figure\">\n\t\t\t<a data-rel=\"prettyPhoto[rel-4866-1857617004]\" href=\"https:\/\/merianin.de\/wp-content\/uploads\/2020\/12\/6-MSM-Garten-Schild-1024x768.jpg\" target=\"_self\" class=\"vc_single_image-wrapper vc_box_border  vc_box_border_grey prettyphoto\"><img loading=\"lazy\" decoding=\"async\" width=\"2560\" height=\"1920\" src=\"https:\/\/merianin.de\/wp-content\/uploads\/2020\/12\/6-MSM-Garten-Schild-scaled.jpg\" class=\"vc_single_image-img attachment-full\" alt=\"\" srcset=\"https:\/\/merianin.de\/wp-content\/uploads\/2020\/12\/6-MSM-Garten-Schild-scaled.jpg 2560w, https:\/\/merianin.de\/wp-content\/uploads\/2020\/12\/6-MSM-Garten-Schild-300x225.jpg 300w, https:\/\/merianin.de\/wp-content\/uploads\/2020\/12\/6-MSM-Garten-Schild-1024x768.jpg 1024w, https:\/\/merianin.de\/wp-content\/uploads\/2020\/12\/6-MSM-Garten-Schild-768x576.jpg 768w, https:\/\/merianin.de\/wp-content\/uploads\/2020\/12\/6-MSM-Garten-Schild-1536x1152.jpg 1536w\" sizes=\"auto, (max-width: 2560px) 100vw, 2560px\" \/><\/a>\n\t\t<\/figure>\n\t<\/div>\n\n\t<div class=\"wpb_text_column wpb_content_element\" >\n\t\t<div class=\"wpb_wrapper\">\n\t\t\t<p><em>Provisional plaque for the newly designed garden<\/em><\/p>\n\n\t\t<\/div>\n\t<\/div>\n<div class=\"vc_empty_space\"   style=\"height: 20px\" ><span class=\"vc_empty_space_inner\"><\/span><\/div>\n\n\t<div  class=\"wpb_single_image wpb_content_element vc_align_left\">\n\t\t\n\t\t<figure class=\"wpb_wrapper vc_figure\">\n\t\t\t<a data-rel=\"prettyPhoto[rel-4866-978949089]\" href=\"https:\/\/merianin.de\/wp-content\/uploads\/2020\/12\/7-Gartenarchitekt-S.P.-Klameth-768x1024.jpg\" target=\"_self\" class=\"vc_single_image-wrapper vc_box_border  vc_box_border_grey prettyphoto\"><img loading=\"lazy\" decoding=\"async\" width=\"1920\" height=\"2560\" src=\"https:\/\/merianin.de\/wp-content\/uploads\/2020\/12\/7-Gartenarchitekt-S.P.-Klameth-scaled.jpg\" class=\"vc_single_image-img attachment-full\" alt=\"\" srcset=\"https:\/\/merianin.de\/wp-content\/uploads\/2020\/12\/7-Gartenarchitekt-S.P.-Klameth-scaled.jpg 1920w, https:\/\/merianin.de\/wp-content\/uploads\/2020\/12\/7-Gartenarchitekt-S.P.-Klameth-225x300.jpg 225w, https:\/\/merianin.de\/wp-content\/uploads\/2020\/12\/7-Gartenarchitekt-S.P.-Klameth-768x1024.jpg 768w, https:\/\/merianin.de\/wp-content\/uploads\/2020\/12\/7-Gartenarchitekt-S.P.-Klameth-1152x1536.jpg 1152w, https:\/\/merianin.de\/wp-content\/uploads\/2020\/12\/7-Gartenarchitekt-S.P.-Klameth-1536x2048.jpg 1536w\" sizes=\"auto, (max-width: 1920px) 100vw, 1920px\" \/><\/a>\n\t\t<\/figure>\n\t<\/div>\n\n\t<div class=\"wpb_text_column wpb_content_element\" >\n\t\t<div class=\"wpb_wrapper\">\n\t\t\t<p><em>Garden architect Sven-Patric Klameth<\/em><\/p>\n\n\t\t<\/div>\n\t<\/div>\n<div class=\"vc_empty_space\"   style=\"height: 20px\" ><span class=\"vc_empty_space_inner\"><\/span><\/div>\n\n\t<div  class=\"wpb_single_image wpb_content_element vc_align_left\">\n\t\t\n\t\t<figure class=\"wpb_wrapper vc_figure\">\n\t\t\t<a data-rel=\"prettyPhoto[rel-4866-906726565]\" href=\"https:\/\/merianin.de\/wp-content\/uploads\/2020\/12\/MSM-Garten-Klameth4.jpg\" target=\"_self\" class=\"vc_single_image-wrapper vc_box_border  vc_box_border_grey prettyphoto\"><img loading=\"lazy\" decoding=\"async\" width=\"869\" height=\"763\" src=\"https:\/\/merianin.de\/wp-content\/uploads\/2020\/12\/MSM-Garten-Klameth4.jpg\" class=\"vc_single_image-img attachment-full\" alt=\"\" srcset=\"https:\/\/merianin.de\/wp-content\/uploads\/2020\/12\/MSM-Garten-Klameth4.jpg 869w, https:\/\/merianin.de\/wp-content\/uploads\/2020\/12\/MSM-Garten-Klameth4-300x263.jpg 300w, https:\/\/merianin.de\/wp-content\/uploads\/2020\/12\/MSM-Garten-Klameth4-768x674.jpg 768w\" sizes=\"auto, (max-width: 869px) 100vw, 869px\" \/><\/a>\n\t\t<\/figure>\n\t<\/div>\n\n\t<div class=\"wpb_text_column wpb_content_element\" >\n\t\t<div class=\"wpb_wrapper\">\n\t\t\t<p><em>Design scheme for the little garden<\/em><\/p>\n\n\t\t<\/div>\n\t<\/div>\n<\/div><\/div><\/div><\/div><\/div><\/div><\/div><\/div><\/div><\/div><div class=\"mkdf-row-grid-section-wrapper\"  ><div class=\"mkdf-row-grid-section\"><div class=\"vc_row wpb_row vc_row-fluid vc_custom_1607333839425\" ><div class=\"wpb_column vc_column_container vc_col-sm-12\"><div class=\"vc_column-inner\"><div class=\"wpb_wrapper\"><div class=\"vc_row wpb_row vc_inner vc_row-fluid\" ><div class=\"wpb_column vc_column_container vc_col-sm-3\"><div class=\"vc_column-inner\"><div class=\"wpb_wrapper\">\n\t<div  class=\"wpb_single_image wpb_content_element vc_align_left\">\n\t\t\n\t\t<figure class=\"wpb_wrapper vc_figure\">\n\t\t\t<a data-rel=\"prettyPhoto[rel-4866-969404991]\" href=\"https:\/\/merianin.de\/wp-content\/uploads\/2020\/12\/5-Gartenh\u00e4uschen-aktuell-768x1024.jpg\" target=\"_self\" class=\"vc_single_image-wrapper vc_box_border  vc_box_border_grey prettyphoto\"><img loading=\"lazy\" decoding=\"async\" width=\"1920\" height=\"2560\" src=\"https:\/\/merianin.de\/wp-content\/uploads\/2020\/12\/5-Gartenh\u00e4uschen-aktuell-scaled.jpg\" class=\"vc_single_image-img attachment-full\" alt=\"\" srcset=\"https:\/\/merianin.de\/wp-content\/uploads\/2020\/12\/5-Gartenh\u00e4uschen-aktuell-scaled.jpg 1920w, https:\/\/merianin.de\/wp-content\/uploads\/2020\/12\/5-Gartenh\u00e4uschen-aktuell-225x300.jpg 225w, https:\/\/merianin.de\/wp-content\/uploads\/2020\/12\/5-Gartenh\u00e4uschen-aktuell-768x1024.jpg 768w, https:\/\/merianin.de\/wp-content\/uploads\/2020\/12\/5-Gartenh\u00e4uschen-aktuell-1152x1536.jpg 1152w, https:\/\/merianin.de\/wp-content\/uploads\/2020\/12\/5-Gartenh\u00e4uschen-aktuell-1536x2048.jpg 1536w\" sizes=\"auto, (max-width: 1920px) 100vw, 1920px\" \/><\/a>\n\t\t<\/figure>\n\t<\/div>\n\n\t<div class=\"wpb_text_column wpb_content_element\" >\n\t\t<div class=\"wpb_wrapper\">\n\t\t\t<p><em>The garden house in front of the Imperial Chapel and the Imperial Castle<\/em><\/p>\n\n\t\t<\/div>\n\t<\/div>\n<\/div><\/div><\/div><div class=\"wpb_column vc_column_container vc_col-sm-3\"><div class=\"vc_column-inner\"><div class=\"wpb_wrapper\">\n\t<div  class=\"wpb_single_image wpb_content_element vc_align_left\">\n\t\t\n\t\t<figure class=\"wpb_wrapper vc_figure\">\n\t\t\t<a data-rel=\"prettyPhoto[rel-4866-1750471967]\" href=\"https:\/\/merianin.de\/wp-content\/uploads\/2020\/12\/9-Garten-diagonal-771x1024.jpg\" target=\"_self\" class=\"vc_single_image-wrapper vc_box_border  vc_box_border_grey prettyphoto\"><img loading=\"lazy\" decoding=\"async\" width=\"1597\" height=\"2121\" src=\"https:\/\/merianin.de\/wp-content\/uploads\/2020\/12\/9-Garten-diagonal.jpg\" class=\"vc_single_image-img attachment-full\" alt=\"\" srcset=\"https:\/\/merianin.de\/wp-content\/uploads\/2020\/12\/9-Garten-diagonal.jpg 1597w, https:\/\/merianin.de\/wp-content\/uploads\/2020\/12\/9-Garten-diagonal-226x300.jpg 226w, https:\/\/merianin.de\/wp-content\/uploads\/2020\/12\/9-Garten-diagonal-771x1024.jpg 771w, https:\/\/merianin.de\/wp-content\/uploads\/2020\/12\/9-Garten-diagonal-768x1020.jpg 768w, https:\/\/merianin.de\/wp-content\/uploads\/2020\/12\/9-Garten-diagonal-1157x1536.jpg 1157w, https:\/\/merianin.de\/wp-content\/uploads\/2020\/12\/9-Garten-diagonal-1542x2048.jpg 1542w\" sizes=\"auto, (max-width: 1597px) 100vw, 1597px\" \/><\/a>\n\t\t<\/figure>\n\t<\/div>\n\n\t<div class=\"wpb_text_column wpb_content_element\" >\n\t\t<div class=\"wpb_wrapper\">\n\t\t\t<p><em>\"Maria Sibylla Merian Garden\" above the panorama of Nuremberg houses<\/em><\/p>\n\n\t\t<\/div>\n\t<\/div>\n<\/div><\/div><\/div><div class=\"wpb_column vc_column_container vc_col-sm-3\"><div class=\"vc_column-inner\"><div class=\"wpb_wrapper\">\n\t<div  class=\"wpb_single_image wpb_content_element vc_align_left\">\n\t\t\n\t\t<figure class=\"wpb_wrapper vc_figure\">\n\t\t\t<a data-rel=\"prettyPhoto[rel-4866-11612480]\" href=\"https:\/\/merianin.de\/wp-content\/uploads\/2020\/12\/10-Gartenblick-mit-Sinwellturm-768x1024.jpg\" target=\"_self\" class=\"vc_single_image-wrapper vc_box_border  vc_box_border_grey prettyphoto\"><img loading=\"lazy\" decoding=\"async\" width=\"1920\" height=\"2560\" src=\"https:\/\/merianin.de\/wp-content\/uploads\/2020\/12\/10-Gartenblick-mit-Sinwellturm-scaled.jpg\" class=\"vc_single_image-img attachment-full\" alt=\"\" srcset=\"https:\/\/merianin.de\/wp-content\/uploads\/2020\/12\/10-Gartenblick-mit-Sinwellturm-scaled.jpg 1920w, https:\/\/merianin.de\/wp-content\/uploads\/2020\/12\/10-Gartenblick-mit-Sinwellturm-225x300.jpg 225w, https:\/\/merianin.de\/wp-content\/uploads\/2020\/12\/10-Gartenblick-mit-Sinwellturm-768x1024.jpg 768w, https:\/\/merianin.de\/wp-content\/uploads\/2020\/12\/10-Gartenblick-mit-Sinwellturm-1152x1536.jpg 1152w, https:\/\/merianin.de\/wp-content\/uploads\/2020\/12\/10-Gartenblick-mit-Sinwellturm-1536x2048.jpg 1536w\" sizes=\"auto, (max-width: 1920px) 100vw, 1920px\" \/><\/a>\n\t\t<\/figure>\n\t<\/div>\n\n\t<div class=\"wpb_text_column wpb_content_element\" >\n\t\t<div class=\"wpb_wrapper\">\n\t\t\t<p><em>View from the garden to the top of the \u201cSinwell\u201c Tower behind the trees<\/em><\/p>\n\n\t\t<\/div>\n\t<\/div>\n<\/div><\/div><\/div><div class=\"wpb_column vc_column_container vc_col-sm-3\"><div class=\"vc_column-inner\"><div class=\"wpb_wrapper\">\n\t<div  class=\"wpb_single_image wpb_content_element vc_align_left\">\n\t\t\n\t\t<figure class=\"wpb_wrapper vc_figure\">\n\t\t\t<a data-rel=\"prettyPhoto[rel-4866-1827169689]\" href=\"https:\/\/merianin.de\/wp-content\/uploads\/2020\/12\/11-Blick-vom-Turm-neben-dem-G\u00e4rtlein-auf-das-gro\u00dfe-Fachwerkhaus-der-Familie-Graff-768x1024.jpg\" target=\"_self\" class=\"vc_single_image-wrapper vc_box_border  vc_box_border_grey prettyphoto\"><img loading=\"lazy\" decoding=\"async\" width=\"1920\" height=\"2560\" src=\"https:\/\/merianin.de\/wp-content\/uploads\/2020\/12\/11-Blick-vom-Turm-neben-dem-G\u00e4rtlein-auf-das-gro\u00dfe-Fachwerkhaus-der-Familie-Graff-scaled.jpg\" class=\"vc_single_image-img attachment-full\" alt=\"\" srcset=\"https:\/\/merianin.de\/wp-content\/uploads\/2020\/12\/11-Blick-vom-Turm-neben-dem-G\u00e4rtlein-auf-das-gro\u00dfe-Fachwerkhaus-der-Familie-Graff-scaled.jpg 1920w, https:\/\/merianin.de\/wp-content\/uploads\/2020\/12\/11-Blick-vom-Turm-neben-dem-G\u00e4rtlein-auf-das-gro\u00dfe-Fachwerkhaus-der-Familie-Graff-225x300.jpg 225w, https:\/\/merianin.de\/wp-content\/uploads\/2020\/12\/11-Blick-vom-Turm-neben-dem-G\u00e4rtlein-auf-das-gro\u00dfe-Fachwerkhaus-der-Familie-Graff-768x1024.jpg 768w, https:\/\/merianin.de\/wp-content\/uploads\/2020\/12\/11-Blick-vom-Turm-neben-dem-G\u00e4rtlein-auf-das-gro\u00dfe-Fachwerkhaus-der-Familie-Graff-1152x1536.jpg 1152w, https:\/\/merianin.de\/wp-content\/uploads\/2020\/12\/11-Blick-vom-Turm-neben-dem-G\u00e4rtlein-auf-das-gro\u00dfe-Fachwerkhaus-der-Familie-Graff-1536x2048.jpg 1536w\" sizes=\"auto, (max-width: 1920px) 100vw, 1920px\" \/><\/a>\n\t\t<\/figure>\n\t<\/div>\n\n\t<div class=\"wpb_text_column wpb_content_element\" >\n\t\t<div class=\"wpb_wrapper\">\n\t\t\t<p><em>View over the roofs to the 600-year-old half-timbered fa\u00e7ade of Bergstrasse 10<br \/>\n<\/em><\/p>\n\n\t\t<\/div>\n\t<\/div>\n<\/div><\/div><\/div><\/div><\/div><\/div><\/div><\/div><\/div><\/div>","protected":false},"excerpt":{"rendered":"Historische Spuren zum Garten von Merianin und Graff auf der N\u00fcrnberger Kaiserburg Eine wechselvolle Geschichte mit zw\u00f6lf Weichenstellungen 1. Umzug der jungen Graff-Merian-Familie von Frankfurt nach N\u00fcrnberg Johann Andreas Graff, ein begabter Architekturmaler und Kupferstecher, arbeitet in der Frankfurter Werkstatt seines Lehrherrn Jacob Marrell, der mit der Witwe von Matth\u00e4us Merian d. \u00c4. [...]","protected":false},"author":2,"featured_media":0,"parent":23,"menu_order":0,"comment_status":"closed","ping_status":"closed","template":"full-width.php","meta":{"footnotes":""},"class_list":["post-4866","page","type-page","status-publish","hentry"],"yoast_head":"<!-- This site is optimized with the Yoast SEO plugin v26.1.1 - https:\/\/yoast.com\/wordpress\/plugins\/seo\/ -->\n<title>Gl\u00fcckliche Umst\u00e4nde - merianin.de<\/title>\n<meta name=\"robots\" content=\"index, follow, max-snippet:-1, max-image-preview:large, max-video-preview:-1\" \/>\n<link rel=\"canonical\" href=\"https:\/\/merianin.de\/en\/home\/glueckliche-umstaende\/\" \/>\n<meta property=\"og:locale\" content=\"en_US\" \/>\n<meta property=\"og:type\" content=\"article\" \/>\n<meta property=\"og:title\" content=\"Gl\u00fcckliche Umst\u00e4nde - merianin.de\" \/>\n<meta property=\"og:url\" content=\"https:\/\/merianin.de\/en\/home\/glueckliche-umstaende\/\" \/>\n<meta property=\"og:site_name\" content=\"merianin.de\" \/>\n<meta property=\"article:modified_time\" content=\"2021-01-28T07:17:55+00:00\" \/>\n<meta name=\"twitter:card\" content=\"summary_large_image\" \/>\n<meta name=\"twitter:label1\" content=\"Est. reading time\" \/>\n\t<meta name=\"twitter:data1\" content=\"11 minutes\" \/>\n<script type=\"application\/ld+json\" class=\"yoast-schema-graph\">{\"@context\":\"https:\/\/schema.org\",\"@graph\":[{\"@type\":\"WebPage\",\"@id\":\"https:\/\/merianin.de\/home\/glueckliche-umstaende\/\",\"url\":\"https:\/\/merianin.de\/home\/glueckliche-umstaende\/\",\"name\":\"Gl\u00fcckliche Umst\u00e4nde - merianin.de\",\"isPartOf\":{\"@id\":\"https:\/\/merianin.de\/#website\"},\"datePublished\":\"2020-11-26T09:48:46+00:00\",\"dateModified\":\"2021-01-28T07:17:55+00:00\",\"breadcrumb\":{\"@id\":\"https:\/\/merianin.de\/home\/glueckliche-umstaende\/#breadcrumb\"},\"inLanguage\":\"en-US\",\"potentialAction\":[{\"@type\":\"ReadAction\",\"target\":[\"https:\/\/merianin.de\/home\/glueckliche-umstaende\/\"]}]},{\"@type\":\"BreadcrumbList\",\"@id\":\"https:\/\/merianin.de\/home\/glueckliche-umstaende\/#breadcrumb\",\"itemListElement\":[{\"@type\":\"ListItem\",\"position\":1,\"name\":\"Startseite\",\"item\":\"https:\/\/merianin.de\/\"},{\"@type\":\"ListItem\",\"position\":2,\"name\":\"Home\",\"item\":\"https:\/\/merianin.de\/\"},{\"@type\":\"ListItem\",\"position\":3,\"name\":\"Gl\u00fcckliche Umst\u00e4nde\"}]},{\"@type\":\"WebSite\",\"@id\":\"https:\/\/merianin.de\/#website\",\"url\":\"https:\/\/merianin.de\/\",\"name\":\"merianin.de\",\"description\":\"MARIA SIBYLLA MERIAN\",\"potentialAction\":[{\"@type\":\"SearchAction\",\"target\":{\"@type\":\"EntryPoint\",\"urlTemplate\":\"https:\/\/merianin.de\/?s={search_term_string}\"},\"query-input\":{\"@type\":\"PropertyValueSpecification\",\"valueRequired\":true,\"valueName\":\"search_term_string\"}}],\"inLanguage\":\"en-US\"}]}<\/script>\n<!-- \/ Yoast SEO plugin. -->","yoast_head_json":{"title":"Gl\u00fcckliche Umst\u00e4nde - merianin.de","robots":{"index":"index","follow":"follow","max-snippet":"max-snippet:-1","max-image-preview":"max-image-preview:large","max-video-preview":"max-video-preview:-1"},"canonical":"https:\/\/merianin.de\/en\/home\/glueckliche-umstaende\/","og_locale":"en_US","og_type":"article","og_title":"Gl\u00fcckliche Umst\u00e4nde - merianin.de","og_url":"https:\/\/merianin.de\/en\/home\/glueckliche-umstaende\/","og_site_name":"merianin.de","article_modified_time":"2021-01-28T07:17:55+00:00","twitter_card":"summary_large_image","twitter_misc":{"Est. reading time":"11 minutes"},"schema":{"@context":"https:\/\/schema.org","@graph":[{"@type":"WebPage","@id":"https:\/\/merianin.de\/home\/glueckliche-umstaende\/","url":"https:\/\/merianin.de\/home\/glueckliche-umstaende\/","name":"Gl\u00fcckliche Umst\u00e4nde - merianin.de","isPartOf":{"@id":"https:\/\/merianin.de\/#website"},"datePublished":"2020-11-26T09:48:46+00:00","dateModified":"2021-01-28T07:17:55+00:00","breadcrumb":{"@id":"https:\/\/merianin.de\/home\/glueckliche-umstaende\/#breadcrumb"},"inLanguage":"en-US","potentialAction":[{"@type":"ReadAction","target":["https:\/\/merianin.de\/home\/glueckliche-umstaende\/"]}]},{"@type":"BreadcrumbList","@id":"https:\/\/merianin.de\/home\/glueckliche-umstaende\/#breadcrumb","itemListElement":[{"@type":"ListItem","position":1,"name":"Startseite","item":"https:\/\/merianin.de\/"},{"@type":"ListItem","position":2,"name":"Home","item":"https:\/\/merianin.de\/"},{"@type":"ListItem","position":3,"name":"Gl\u00fcckliche Umst\u00e4nde"}]},{"@type":"WebSite","@id":"https:\/\/merianin.de\/#website","url":"https:\/\/merianin.de\/","name":"merianin.de","description":"MARIA SIBYLLA MERIAN","potentialAction":[{"@type":"SearchAction","target":{"@type":"EntryPoint","urlTemplate":"https:\/\/merianin.de\/?s={search_term_string}"},"query-input":{"@type":"PropertyValueSpecification","valueRequired":true,"valueName":"search_term_string"}}],"inLanguage":"en-US"}]}},"_links":{"self":[{"href":"https:\/\/merianin.de\/en\/wp-json\/wp\/v2\/pages\/4866","targetHints":{"allow":["GET"]}}],"collection":[{"href":"https:\/\/merianin.de\/en\/wp-json\/wp\/v2\/pages"}],"about":[{"href":"https:\/\/merianin.de\/en\/wp-json\/wp\/v2\/types\/page"}],"author":[{"embeddable":true,"href":"https:\/\/merianin.de\/en\/wp-json\/wp\/v2\/users\/2"}],"replies":[{"embeddable":true,"href":"https:\/\/merianin.de\/en\/wp-json\/wp\/v2\/comments?post=4866"}],"version-history":[{"count":37,"href":"https:\/\/merianin.de\/en\/wp-json\/wp\/v2\/pages\/4866\/revisions"}],"predecessor-version":[{"id":5152,"href":"https:\/\/merianin.de\/en\/wp-json\/wp\/v2\/pages\/4866\/revisions\/5152"}],"up":[{"embeddable":true,"href":"https:\/\/merianin.de\/en\/wp-json\/wp\/v2\/pages\/23"}],"wp:attachment":[{"href":"https:\/\/merianin.de\/en\/wp-json\/wp\/v2\/media?parent=4866"}],"curies":[{"name":"wp","href":"https:\/\/api.w.org\/{rel}","templated":true}]}}